{"id":7915,"date":"2026-03-18T18:07:39","date_gmt":"2026-03-18T18:07:39","guid":{"rendered":"https:\/\/szkola1.pl\/?page_id=7915"},"modified":"2026-04-28T11:23:40","modified_gmt":"2026-04-28T11:23:40","slug":"szkola-policealna","status":"publish","type":"page","link":"https:\/\/szkola1.pl\/index.php\/szkola-policealna\/","title":{"rendered":"SZKO\u0141A POLICEALNA"},"content":{"rendered":"\n<p>Szko\u0142a policealna na kierunku&nbsp;opiekun medyczny jest&nbsp;1,5-rocznym (3-semestralnym) programem przygotowuj\u0105cym do profesjonalnej opieki nad osobami chorymi i niesamodzielnymi. <\/p>\n\n\n\n<p>Absolwenci zyskuj\u0105 kwalifikacje (MED.14) do \u015bwiadczenia us\u0142ug piel\u0119gnacyjnych, aktywizacji pacjent\u00f3w oraz wsp\u00f3\u0142pracy z personelem medycznym w szpitalach, DPS-ach i hospicjach.&nbsp;<\/p>\n\n\n\n<div class=\"wp-block-file\"><a id=\"wp-block-file--media-ae5fbf0c-18c9-4459-a9c3-17fa57545e76\" href=\"https:\/\/szkola1.pl\/wp-content\/uploads\/2026\/04\/szkola-policealna-zasady-rekrutacji.doc\">szko\u0142a policealna zasady rekrutacji<\/a><a href=\"https:\/\/szkola1.pl\/wp-content\/uploads\/2026\/04\/szkola-policealna-zasady-rekrutacji.doc\" class=\"wp-block-file__button wp-element-button\" download aria-describedby=\"wp-block-file--media-ae5fbf0c-18c9-4459-a9c3-17fa57545e76\">Pobierz<\/a><\/div>\n\n\n\n<div class=\"wp-block-file\"><a id=\"wp-block-file--media-20de76e6-61a4-4938-ad4a-212f9c23ffcc\" href=\"https:\/\/szkola1.pl\/wp-content\/uploads\/2026\/04\/PODANIE-SZKOLA-POLICEALNA.docx\">PODANIE SZKO\u0141A POLICEALNA<\/a><a href=\"https:\/\/szkola1.pl\/wp-content\/uploads\/2026\/04\/PODANIE-SZKOLA-POLICEALNA.docx\" class=\"wp-block-file__button wp-element-button\" download aria-describedby=\"wp-block-file--media-20de76e6-61a4-4938-ad4a-212f9c23ffcc\">Pobierz<\/a><\/div>\n\n\n\n<figure class=\"wp-block-gallery has-nested-images columns-default is-cropped wp-block-gallery-1 is-layout-flex wp-block-gallery-is-layout-flex\">\n<figure class=\"wp-block-image size-large\"><img loading=\"lazy\" decoding=\"async\" width=\"724\" height=\"1024\" data-id=\"8375\" src=\"https:\/\/szkola1.pl\/wp-content\/uploads\/2026\/04\/opiekun-2-724x1024.png\" alt=\"\" class=\"wp-image-8375\" srcset=\"https:\/\/szkola1.pl\/wp-content\/uploads\/2026\/04\/opiekun-2-724x1024.png 724w, https:\/\/szkola1.pl\/wp-content\/uploads\/2026\/04\/opiekun-2-212x300.png 212w, https:\/\/szkola1.pl\/wp-content\/uploads\/2026\/04\/opiekun-2-768x1086.png 768w, https:\/\/szkola1.pl\/wp-content\/uploads\/2026\/04\/opiekun-2-1086x1536.png 1086w, https:\/\/szkola1.pl\/wp-content\/uploads\/2026\/04\/opiekun-2-764x1080.png 764w, https:\/\/szkola1.pl\/wp-content\/uploads\/2026\/04\/opiekun-2.png 1414w\" sizes=\"(max-width: 724px) 100vw, 724px\" \/><\/figure>\n<\/figure>\n\n\n\n<p><\/p>\n","protected":false},"excerpt":{"rendered":"<p>Szko\u0142a policealna na kierunku&nbsp;opiekun medyczny jest&nbsp;1,5-rocznym (3-semestralnym) programem przygotowuj\u0105cym do profesjonalnej opieki nad osobami chorymi i niesamodzielnymi. Absolwenci zyskuj\u0105 kwalifikacje (MED.14) do \u015bwiadczenia us\u0142ug piel\u0119gnacyjnych, aktywizacji pacjent\u00f3w oraz wsp\u00f3\u0142pracy z personelem medycznym w szpitalach, DPS-ach i hospicjach.&nbsp;<\/p>\n","protected":false},"author":2,"featured_media":0,"parent":0,"menu_order":0,"comment_status":"closed","ping_status":"closed","template":"","meta":{"saved_in_kubio":false,"_eb_attr":"","footnotes":""},"class_list":["post-7915","page","type-page","status-publish","hentry"],"kubio_ai_page_context":{"short_desc":"","purpose":"general"},"_links":{"self":[{"href":"https:\/\/szkola1.pl\/index.php\/wp-json\/wp\/v2\/pages\/7915","targetHints":{"allow":["GET"]}}],"collection":[{"href":"https:\/\/szkola1.pl\/index.php\/wp-json\/wp\/v2\/pages"}],"about":[{"href":"https:\/\/szkola1.pl\/index.php\/wp-json\/wp\/v2\/types\/page"}],"author":[{"embeddable":true,"href":"https:\/\/szkola1.pl\/index.php\/wp-json\/wp\/v2\/users\/2"}],"replies":[{"embeddable":true,"href":"https:\/\/szkola1.pl\/index.php\/wp-json\/wp\/v2\/comments?post=7915"}],"version-history":[{"count":3,"href":"https:\/\/szkola1.pl\/index.php\/wp-json\/wp\/v2\/pages\/7915\/revisions"}],"predecessor-version":[{"id":8379,"href":"https:\/\/szkola1.pl\/index.php\/wp-json\/wp\/v2\/pages\/7915\/revisions\/8379"}],"wp:attachment":[{"href":"https:\/\/szkola1.pl\/index.php\/wp-json\/wp\/v2\/media?parent=7915"}],"curies":[{"name":"wp","href":"https:\/\/api.w.org\/{rel}","templated":true}]}}